{"id":91,"date":"2025-06-22T18:09:32","date_gmt":"2025-06-22T16:09:32","guid":{"rendered":"http:\/\/communesactivistes.org\/?page_id=91"},"modified":"2025-07-27T21:27:09","modified_gmt":"2025-07-27T19:27:09","slug":"faq","status":"publish","type":"page","link":"https:\/\/communesactivistes.org\/?page_id=91","title":{"rendered":"FAQ"},"content":{"rendered":"\n<div class=\"wp-block-group alignfull has-base-color has-contrast-background-color has-text-color has-background has-link-color wp-elements-05ceba6f051d63d1d0f0256b10360511 has-global-padding is-layout-constrained wp-container-core-group-is-layout-17177a63 wp-block-group-is-layout-constrained\" style=\"margin-top:0;margin-bottom:0;padding-top:var(--wp--preset--spacing--50);padding-right:var(--wp--preset--spacing--50);padding-bottom:var(--wp--preset--spacing--50);padding-left:var(--wp--preset--spacing--50)\">\n<div class=\"wp-block-group alignwide is-layout-flow wp-block-group-is-layout-flow\">\n<h3 class=\"wp-block-heading alignwide has-custom-color-3-color has-text-color has-link-color wp-elements-7b59cc808db1aedaed68a0a80d6f0ff1\"><strong>Je peux venir ?<\/strong><\/h3>\n\n\n\n<p class=\"has-contrast-1-color has-text-color has-link-color wp-elements-d400b2048bcc589bb6d8d354cf959226\">Chaque r\u00e9sidence est compos\u00e9e de 13 \u00e0 18 personnes.<\/p>\n\n\n\n<p>Ces r\u00e9sidences s\u2019adressent \u00e0 des militant\u00b7es membres de collectif(s), b\u00e9n\u00e9voles dans des associations, des collectifs, des initiatives citoyennes, etc., des salari\u00e9\u00b7es d\u2019organisations militantes, engag\u00e9es dans l\u2019\u00e9conomie sociale et solidaire, dans l\u2019humanitaire, etc., des militant\u00b7es travaillant comme auto-entrepreneureuses, des personnes en transition professionnelle qui placent l\u2019action militante au c\u0153ur de leur activit\u00e9s, etc.<\/p>\n\n\n\n<p class=\"has-contrast-1-color has-text-color has-link-color wp-elements-440f332effb4f09d5c94add8c3e938d9\">La diversit\u00e9 des profils est une source d\u2019enrichissement pour les r\u00e9sidences&nbsp;!<\/p>\n\n\n\n<hr class=\"wp-block-separator has-text-color has-base-color has-alpha-channel-opacity has-base-background-color has-background is-style-wide\" style=\"margin-top:var(--wp--preset--spacing--30);margin-bottom:var(--wp--preset--spacing--30)\"\/>\n\n\n\n<h3 class=\"wp-block-heading alignwide has-custom-color-3-color has-text-color has-link-color wp-elements-6aaddb0283afa69e7e4a4722662a3e5d\"><strong>Comment je peux venir ?<\/strong><\/h3>\n\n\n\n<p class=\"has-contrast-1-color has-text-color has-link-color wp-elements-dc1af4d71071f765c8613022e54cdffb\">L&rsquo;inscription coute 70 euros assure le logement et la pension compl\u00e8te pendant la r\u00e9sidence. Une participation libre et consciente (qui peut \u00eatre nulle) est ajout\u00e9e en fin de s\u00e9jour par chaque participant\u00b7e en fonction de son envie et de sa situation.<\/p>\n\n\n\n<p class=\"has-contrast-1-color has-text-color has-link-color wp-elements-98d36704582bdbb93450351db4e706a2\">Le rendez-vous est fix\u00e9 \u00e0 une Gare (jusqu\u2019ici Valence ou Cluny). Un transport collectif est organis\u00e9 pour amener les participant\u00b7es sur le lieu de la r\u00e9sidence. Les frais de transport sont \u00e0 la charge des participant\u00b7es. Mais une participation de Commune\u00b7s Activiste\u00b7s \u00e0 ces frais est possible en cas de besoin.<\/p>\n\n\n\n<hr class=\"wp-block-separator has-text-color has-base-color has-alpha-channel-opacity has-base-background-color has-background is-style-wide\" style=\"margin-top:var(--wp--preset--spacing--30);margin-bottom:var(--wp--preset--spacing--30)\"\/>\n\n\n\n<h3 class=\"wp-block-heading alignwide has-custom-color-3-color has-text-color has-link-color wp-elements-2a4398c2f688404ea6ebfb4453ed588a\"><strong>Combien \u00e7a co\u00fbte ?<\/strong><\/h3>\n\n\n\n<p class=\"has-contrast-1-color has-text-color has-link-color wp-elements-3c9e2fb49ac6d853b254f99d93e1cb3b\">Commune\u00b7s Activiste\u00b7s tient \u00e0 ce que la contribution \u00e9conomique ne limite pas, ni n&rsquo;entrave la participation \u00e0 la r\u00e9sidence pour les militant\u00b7es. C&rsquo;est la raison pour laquelle l&rsquo;essentiel des d\u00e9penses est couvert par des financements que nous allons chercher aupr\u00e8s de fondations ou de partenaires.<\/p>\n\n\n\n<p>Nous proposons cependant aux participant\u00b7es de contribuer au-del\u00e0 de l&rsquo;inscription si cela leur est possible, en tenant compte des \u00e9l\u00e9ments suivants :&nbsp;<\/p>\n\n\n\n<ul class=\"wp-block-list\">\n<li>ce qui semble juste pour chaque participant\u00b7e, par rapport \u00e0 ses moyens (ou ceux de son organisation),<\/li>\n\n\n\n<li>ce qui semble juste tenant compte des co\u00fbts globaux de Commune\u00b7s Activiste\u00b7s, et de la nature et qualit\u00e9 de ce qui est propos\u00e9 pendant la r\u00e9sidence.<\/li>\n<\/ul>\n\n\n\n<p>Pour information, les co\u00fbts du s\u00e9jour reviennent \u00e0 Commune\u00b7s Activiste\u00b7s \u00e0 400 \u20ac par personne. Ceci n&rsquo;inclut pas les co\u00fbts relatifs \u00e0 la conceptualisation et fabrication du programme Commune\u00b7s Activiste\u00b7s, ainsi qu&rsquo;\u00e0 l&rsquo;organisation et la logistique. Une grande part de ce travail reste actuellement b\u00e9n\u00e9vole. Le m\u00e9c\u00e9nat (partenariat, philanthropie) doit cependant \u00e0 terme permettre de couvrir 90% des d\u00e9penses \u2013 ce qui permettra de maintenir la participation des r\u00e9sident\u00b7es \u00e0 un tarif tr\u00e8s raisonnable, et assurer que l&rsquo;inscription ne soit jamais une entrave \u00e0 la participation.<\/p>\n\n\n\n<p>Plusieurs forfaits indicatifs sont propos\u00e9s pour <strong>guider une participation consciente <\/strong>(qui s&rsquo;ajoutera \u00e0 l&rsquo;inscription de 70\u20ac), si cela vous est utile :&nbsp;<\/p>\n\n\n\n<p>\u2022 Par exemple, en consid\u00e9rant vos revenus individuels :<\/p>\n\n\n\n<p>&#8211; Revenu fiscal de r\u00e9f\u00e9rence &lt; 20 000 euros : de 20 \u00e0 50 \u20ac<\/p>\n\n\n\n<p>&#8211; Revenu fiscal de r\u00e9f\u00e9rence entre 20 000 et 40 000 euros : 100 \u20ac<\/p>\n\n\n\n<p>&#8211; Revenu fiscal de r\u00e9f\u00e9rence &gt; 40 000 euros : 200 \u20ac<\/p>\n\n\n\n<p>\u2022 Ou encore, en consid\u00e9rant le budget annuel de votre organisation (si c\u2019est elle qui paie pour votre participation) :<\/p>\n\n\n\n<p>&#8211; Budget annuel &lt; 200 000 euros : de 20 \u00e0 50 \u20ac<\/p>\n\n\n\n<p>&#8211; Budget annuel entre 200 000 et 1 million d&rsquo;euros : 100 \u20ac<\/p>\n\n\n\n<p>&#8211; Budget annuel &gt; 1 million d&rsquo;euros : 350 \u20ac (soit le prix co\u00fbtant du s\u00e9jour)<\/p>\n\n\n\n<p class=\"has-contrast-1-color has-text-color has-link-color wp-elements-f0ea2196a5f92e43a814932240a8f263\"><strong>Il est, par ailleurs, possible pour les ONG et associations de devenir partenaires de Commune\u00b7s Activiste\u00b7s et d\u2019appara\u00eetre comme tel. Les modalit\u00e9s de partenariat se discutent ind\u00e9pendamment de la participation au financement de r\u00e9sidences.<\/strong><\/p>\n\n\n\n<hr class=\"wp-block-separator has-text-color has-base-color has-alpha-channel-opacity has-base-background-color has-background is-style-wide\" style=\"margin-top:var(--wp--preset--spacing--30);margin-bottom:var(--wp--preset--spacing--30)\"\/>\n<\/div>\n<\/div>\n\n\n\n<div class=\"wp-block-group alignfull has-custom-color-3-background-color has-background is-vertical is-content-justification-center is-layout-flex wp-container-core-group-is-layout-66bd2e8f wp-block-group-is-layout-flex\" style=\"min-height:80vh;margin-top:20px;margin-bottom:20px;padding-top:0;padding-right:var(--wp--preset--spacing--50);padding-bottom:0;padding-left:var(--wp--preset--spacing--50)\">\n<div class=\"wp-block-group has-global-padding is-layout-constrained wp-block-group-is-layout-constrained\">\n<figure class=\"wp-block-image aligncenter size-full is-resized\"><img decoding=\"async\" src=\"http:\/\/communesactivistes.org\/wp-content\/themes\/twentytwentyfour\/assets\/images\/icon-message.webp\" alt=\"\" style=\"object-fit:cover;width:45px;height:49px\"\/><\/figure>\n\n\n\n<div style=\"height:var(--wp--preset--spacing--10)\" aria-hidden=\"true\" class=\"wp-block-spacer\"><\/div>\n\n\n\n<h2 class=\"wp-block-heading has-text-align-center has-custom-color-5-color has-text-color has-link-color has-heading-font-family has-x-large-font-size wp-elements-cb4da82418e22598f6111eb293aa6e94\" style=\"margin-right:0;margin-left:0;padding-right:0;padding-left:0\">Recevez les informations sur les prochaines&nbsp;r\u00e9sidences.<\/h2>\n\n\n\n<div style=\"height:var(--wp--preset--spacing--10)\" aria-hidden=\"true\" class=\"wp-block-spacer\"><\/div>\n\n\n\n<div class=\"wp-block-buttons is-content-justification-center is-layout-flex wp-container-core-buttons-is-layout-a89b3969 wp-block-buttons-is-layout-flex\">\n<div class=\"wp-block-button is-style-outline is-style-outline--1\"><a class=\"wp-block-button__link has-base-color has-base-2-background-color has-text-color has-background has-link-color has-border-color has-base-2-border-color wp-element-button\" href=\"mailto:communesactivistes@posteo.net\" target=\"_blank\" rel=\"noreferrer noopener\"><strong>S\u2019inscrire<\/strong><\/a><\/div>\n<\/div>\n<\/div>\n<\/div>\n","protected":false},"excerpt":{"rendered":"<p>Je peux venir ? Chaque r\u00e9sidence est compos\u00e9e de 13 \u00e0 18 personnes. Ces r\u00e9sidences s\u2019adressent \u00e0 des militant\u00b7es membres de collectif(s), b\u00e9n\u00e9voles dans des associations, des collectifs, des initiatives citoyennes, etc., des salari\u00e9\u00b7es d\u2019organisations militantes, engag\u00e9es dans l\u2019\u00e9conomie sociale et solidaire, dans l\u2019humanitaire, etc., des militant\u00b7es travaillant comme auto-entrepreneureuses, des personnes en transition professionnelle [&hellip;]<\/p>\n","protected":false},"author":1,"featured_media":0,"parent":0,"menu_order":0,"comment_status":"closed","ping_status":"closed","template":"","meta":{"footnotes":""},"class_list":["post-91","page","type-page","status-publish","hentry"],"_links":{"self":[{"href":"https:\/\/communesactivistes.org\/index.php?rest_route=\/wp\/v2\/pages\/91","targetHints":{"allow":["GET"]}}],"collection":[{"href":"https:\/\/communesactivistes.org\/index.php?rest_route=\/wp\/v2\/pages"}],"about":[{"href":"https:\/\/communesactivistes.org\/index.php?rest_route=\/wp\/v2\/types\/page"}],"author":[{"embeddable":true,"href":"https:\/\/communesactivistes.org\/index.php?rest_route=\/wp\/v2\/users\/1"}],"replies":[{"embeddable":true,"href":"https:\/\/communesactivistes.org\/index.php?rest_route=%2Fwp%2Fv2%2Fcomments&post=91"}],"version-history":[{"count":11,"href":"https:\/\/communesactivistes.org\/index.php?rest_route=\/wp\/v2\/pages\/91\/revisions"}],"predecessor-version":[{"id":370,"href":"https:\/\/communesactivistes.org\/index.php?rest_route=\/wp\/v2\/pages\/91\/revisions\/370"}],"wp:attachment":[{"href":"https:\/\/communesactivistes.org\/index.php?rest_route=%2Fwp%2Fv2%2Fmedia&parent=91"}],"curies":[{"name":"wp","href":"https:\/\/api.w.org\/{rel}","templated":true}]}}